{"id":6,"date":"2019-11-17T16:44:16","date_gmt":"2019-11-17T15:44:16","guid":{"rendered":"http:\/\/ahaceda.hr\/?page_id=6"},"modified":"2025-09-18T08:36:17","modified_gmt":"2025-09-18T06:36:17","slug":"moderna-glazbena-nastava","status":"publish","type":"page","link":"https:\/\/ahaceda.hr\/","title":{"rendered":"Moderna GLAZBENA nastava"},"content":{"rendered":"\n<div class=\"wp-block-columns alignwide is-layout-flex wp-container-core-columns-is-layout-9d6595d7 wp-block-columns-is-layout-flex\">\n<div class=\"wp-block-column is-layout-flow wp-block-column-is-layout-flow\">\n<div class=\"wp-block-group\"><div class=\"wp-block-group__inner-container is-layout-flow wp-block-group-is-layout-flow\">\n<figure class=\"wp-block-image alignfull size-large is-style-default\"><img loading=\"lazy\" decoding=\"async\" width=\"720\" height=\"662\" src=\"https:\/\/ahaceda.hr\/wp-content\/uploads\/2020\/01\/marin-zivkovic-e1578844298964.jpg\" alt=\"\" class=\"wp-image-36\" srcset=\"https:\/\/ahaceda.hr\/wp-content\/uploads\/2020\/01\/marin-zivkovic-e1578844298964.jpg 720w, https:\/\/ahaceda.hr\/wp-content\/uploads\/2020\/01\/marin-zivkovic-e1578844298964-300x276.jpg 300w\" sizes=\"auto, (max-width: 720px) 100vw, 720px\" \/><\/figure>\n<\/div><\/div>\n<\/div>\n\n\n\n<div class=\"wp-block-column is-layout-flow wp-block-column-is-layout-flow\">\n<div class=\"wp-block-group\"><div class=\"wp-block-group__inner-container is-layout-flow wp-block-group-is-layout-flow\">\n<h3 class=\"wp-block-heading\" id=\"predavac\">Predava\u010d<\/h3>\n\n\n\n<p>Marin \u017divkovi\u0107<\/p>\n\n\n\n<p>Saksofonist, kompozitor, predava\u010d s trenutnim prebivali\u0161tem i centralnim djelovanjem u Zagrebu. Prvo je zavr\u0161io pred\u0161kolski odgoj na U\u010diteljskom fakultetu u Zagrebu, potom odlazi u Belgiju gdje studira na Kraljevskom konzervatoriju u Antwerpenu u klasi Kurt van Hercka. Nakon dvije godine upisuje privatnu jazz akademiju u Antwerpenu gdje je diplomirao u klasi Vincenta Brijsa. <\/p>\n\n\n\n<div class=\"wp-block-button is-style-outline is-style-outline--1\"><a class=\"wp-block-button__link wp-element-button\" href=\"https:\/\/ahaceda.hr\/index.php\/marin-zivkovic\/\" rel=\"\">Pro\u010ditaj vi\u0161e<\/a><\/div>\n<\/div><\/div>\n<\/div>\n<\/div>\n\n\n\n<div class=\"wp-block-group alignfull has-secondary-background-color has-background\"><div class=\"wp-block-group__inner-container is-layout-flow wp-block-group-is-layout-flow\">\n<h2 class=\"wp-block-heading has-text-align-center\">Va\u0161e odredi\u0161te za modernu improvizaciju u Hrvatskoj.<\/h2>\n<\/div><\/div>\n\n\n\n<div class=\"wp-block-group alignfull\"><div class=\"wp-block-group__inner-container is-layout-flow wp-block-group-is-layout-flow\">\n<h2 class=\"wp-block-heading has-text-align-center\" id=\"programi\">Programi<\/h2>\n<\/div><\/div>\n\n\n\n<div class=\"wp-block-columns alignfull is-layout-flex wp-container-core-columns-is-layout-9d6595d7 wp-block-columns-is-layout-flex\">\n<div class=\"wp-block-column is-layout-flow wp-block-column-is-layout-flow\">\n<h3 class=\"wp-block-heading has-text-align-center has-secondary-color has-text-color\">Jedan na jedan<\/h3>\n\n\n\n<div style=\"height:60px\" aria-hidden=\"true\" class=\"wp-block-spacer\"><\/div>\n\n\n\n<div class=\"wp-block-group has-subtle-background-background-color has-background\"><div class=\"wp-block-group__inner-container is-layout-flow wp-block-group-is-layout-flow\">\n<figure class=\"wp-block-image size-large is-style-default\"><img loading=\"lazy\" decoding=\"async\" width=\"600\" height=\"216\" src=\"https:\/\/ahaceda.hr\/wp-content\/uploads\/2020\/01\/sax.jpg\" alt=\"\" class=\"wp-image-111\" srcset=\"https:\/\/ahaceda.hr\/wp-content\/uploads\/2020\/01\/sax.jpg 600w, https:\/\/ahaceda.hr\/wp-content\/uploads\/2020\/01\/sax-300x108.jpg 300w\" sizes=\"auto, (max-width: 600px) 100vw, 600px\" \/><\/figure>\n\n\n\n<div class=\"wp-block-pb-accordion-item c-accordion__item js-accordion-item no-js\" data-initially-open=\"false\" data-click-to-close=\"true\" data-auto-close=\"true\" data-scroll=\"false\" data-scroll-offset=\"0\"><h3 id=\"at-65\" class=\"c-accordion__title js-accordion-controller\" role=\"button\"> Privatna poduka <\/h3><div id=\"ac-65\" class=\"c-accordion__content\">\n<p><strong>Neovisno o dobi <\/strong><\/p>\n\n\n\n<p>Otvaramo prostor za sve one glazbenike koji su samouki te ne znaju \u010ditati note ili za sve one koji su zavr\u0161ili glazbenu \u0161kolu, osnovnu ili srednju te \u017eele druga\u010dije u\u010diti o glazbi u druga\u010dijem okru\u017eenju gdje sami mogu tra\u017eiti i usmjeravati ovaj privatan sat, kako \u017eele. Ovo je prostor i za sve one koji imaju instrument i \u017eele ga sada po\u010deti svirati. <\/p>\n\n\n\n<p>Jedini preduvjet je posjedovanje vlastitog instrumenta.<\/p>\n\n\n\n<p>Po\u010detni\u010dki: u\u010di se Solfeggio kroz instrument \u2013 na nastavi usporedno u\u010dimo teoriju i praksu. \u010citanje i sviranje nota. Drugi dio sata je improvizacija. <\/p>\n\n\n\n<p>Napredni: ovisno o afinitetima glazbenika svirat \u0107emo klasi\u010dnu glazbu i jazz standarde usporedno te osvje\u0161tavati kako jedno utje\u010de na drugo. <\/p>\n\n\n\n<p>Satovi su jako otvoreni, pojedinac mo\u017ee zatra\u017eiti ono \u0161to mu nedostaje u znanju o glazbi ili \u0161to bi htio nau\u010diti.  <\/p>\n<\/div><\/div>\n<\/div><\/div>\n\n\n\n<div style=\"height:60px\" aria-hidden=\"true\" class=\"wp-block-spacer\"><\/div>\n\n\n\n<div class=\"wp-block-group has-subtle-background-background-color has-background\"><div class=\"wp-block-group__inner-container is-layout-flow wp-block-group-is-layout-flow\">\n<figure class=\"wp-block-image size-large is-style-default\"><img loading=\"lazy\" decoding=\"async\" width=\"600\" height=\"216\" src=\"https:\/\/ahaceda.hr\/wp-content\/uploads\/2020\/01\/note.jpg\" alt=\"\" class=\"wp-image-113\" srcset=\"https:\/\/ahaceda.hr\/wp-content\/uploads\/2020\/01\/note.jpg 600w, https:\/\/ahaceda.hr\/wp-content\/uploads\/2020\/01\/note-300x108.jpg 300w\" sizes=\"auto, (max-width: 600px) 100vw, 600px\" \/><\/figure>\n\n\n\n<div class=\"wp-block-pb-accordion-item c-accordion__item js-accordion-item no-js\" data-initially-open=\"false\" data-click-to-close=\"true\" data-auto-close=\"true\" data-scroll=\"false\" data-scroll-offset=\"0\"><h3 id=\"at-66\" class=\"c-accordion__title js-accordion-controller\" role=\"button\"> Zapisi u glazbi <\/h3><div id=\"ac-66\" class=\"c-accordion__content\">\n<p><strong>Neovisno o dobi <\/strong><\/p>\n\n\n\n<p>U ovom predmetu u\u010denik se upoznaje s osnovama solfeggia kroz druga\u010diju metodiku rada nego u Glazbenim \u0161kolama. U\u010denik \u0107e u\u010diti o teoriji zapisivanja nota, za\u0161to se note zapisuju na na\u010din na koji ih danas zapisujemo, koji jo\u0161 postoje sustavi zapisivanja nota ovisno o drugim kulturama. Potom \u0107e teoriju trebati primijeniti u praksi. Cilj predmeta je da u\u010denik mo\u017ee zapisati u notnom zapisu ono \u0161to slu\u0161a te potom odsvirati na svojem instrumentu.<\/p>\n\n\n\n<p>Otkrivamo povezanost glazbe i svemira, zvuka planeta i nota i vibracije prirode oko nas. <\/p>\n<\/div><\/div>\n<\/div><\/div>\n\n\n\n<div style=\"height:60px\" aria-hidden=\"true\" class=\"wp-block-spacer\"><\/div>\n\n\n\n<div class=\"wp-block-group has-subtle-background-background-color has-background\"><div class=\"wp-block-group__inner-container is-layout-flow wp-block-group-is-layout-flow\">\n<figure class=\"wp-block-image size-large\"><img loading=\"lazy\" decoding=\"async\" width=\"600\" height=\"216\" src=\"https:\/\/ahaceda.hr\/wp-content\/uploads\/2020\/01\/band-691224_1280.jpg\" alt=\"\" class=\"wp-image-116\" srcset=\"https:\/\/ahaceda.hr\/wp-content\/uploads\/2020\/01\/band-691224_1280.jpg 600w, https:\/\/ahaceda.hr\/wp-content\/uploads\/2020\/01\/band-691224_1280-300x108.jpg 300w\" sizes=\"auto, (max-width: 600px) 100vw, 600px\" \/><\/figure>\n\n\n\n<div class=\"wp-block-pb-accordion-item c-accordion__item js-accordion-item no-js\" data-initially-open=\"false\" data-click-to-close=\"true\" data-auto-close=\"true\" data-scroll=\"false\" data-scroll-offset=\"0\"><h3 id=\"at-67\" class=\"c-accordion__title js-accordion-controller\" role=\"button\">Improvizacija i prakti\u010dna harmonija <\/h3><div id=\"ac-67\" class=\"c-accordion__content\">\n<p><strong>Preduvjeti: poznavanje instrumenta i rudimentalno poznavanje \u010ditanja nota<\/strong> <\/p>\n\n\n\n<p>Satovi su podijeljeni u tri zavisna aspekta: u\u010denje o tonalitetima, prakti\u010dna harmonija, improvizacija.<\/p>\n\n\n\n<p>Cijeli sat se samo svira i kroz sviranje u\u010denik osvje\u0161tava i u\u010di teoriju glazbe, prvenstveno harmoniju i improvizaciju. <\/p>\n<\/div><\/div>\n<\/div><\/div>\n\n\n\n<div style=\"height:60px\" aria-hidden=\"true\" class=\"wp-block-spacer\"><\/div>\n\n\n\n<div class=\"wp-block-group has-subtle-background-background-color has-background\"><div class=\"wp-block-group__inner-container is-layout-flow wp-block-group-is-layout-flow\">\n<figure class=\"wp-block-image size-large is-style-default\"><img loading=\"lazy\" decoding=\"async\" width=\"600\" height=\"216\" src=\"https:\/\/ahaceda.hr\/wp-content\/uploads\/2020\/01\/truba.jpg\" alt=\"\" class=\"wp-image-114\" srcset=\"https:\/\/ahaceda.hr\/wp-content\/uploads\/2020\/01\/truba.jpg 600w, https:\/\/ahaceda.hr\/wp-content\/uploads\/2020\/01\/truba-300x108.jpg 300w\" sizes=\"auto, (max-width: 600px) 100vw, 600px\" \/><\/figure>\n\n\n\n<div class=\"wp-block-pb-accordion-item c-accordion__item js-accordion-item no-js\" data-initially-open=\"false\" data-click-to-close=\"true\" data-auto-close=\"true\" data-scroll=\"false\" data-scroll-offset=\"0\"><h3 id=\"at-68\" class=\"c-accordion__title js-accordion-controller\" role=\"button\"> Jazz standardi <\/h3><div id=\"ac-68\" class=\"c-accordion__content\">\n<p><strong>Preduvjeti: poznavanje instrumenta i&nbsp; poznavanje \u010ditanja nota  <\/strong><\/p>\n\n\n\n<p>Na ovom predmetu svira se 1:1 i svladava se jazz repertoar. Poti\u010de se kreativnost u\u010denika u stvaranju vlastite posebnosti sviranja. Ovi satovi mogu se odr\u017eavati cijeli \u017eivot, jer uvijek postoji jo\u0161 za u\u010diti o jazz glazbi i svirati je. To je mjesto gdje 1:1 se upoznajete ili dalje istra\u017eujete posebnosti jazza. <\/p>\n<\/div><\/div>\n<\/div><\/div>\n<\/div>\n\n\n\n<div class=\"wp-block-column is-layout-flow wp-block-column-is-layout-flow\">\n<h3 class=\"wp-block-heading has-text-align-center has-secondary-color has-text-color\">Radionice<\/h3>\n\n\n\n<div style=\"height:60px\" aria-hidden=\"true\" class=\"wp-block-spacer\"><\/div>\n\n\n\n<div class=\"wp-block-group has-secondary-background-color has-background\"><div class=\"wp-block-group__inner-container is-layout-flow wp-block-group-is-layout-flow\">\n<figure class=\"wp-block-image size-large\"><img loading=\"lazy\" decoding=\"async\" width=\"600\" height=\"216\" src=\"https:\/\/ahaceda.hr\/wp-content\/uploads\/2020\/01\/musician-2563713_1280.jpg\" alt=\"\" class=\"wp-image-117\" srcset=\"https:\/\/ahaceda.hr\/wp-content\/uploads\/2020\/01\/musician-2563713_1280.jpg 600w, https:\/\/ahaceda.hr\/wp-content\/uploads\/2020\/01\/musician-2563713_1280-300x108.jpg 300w\" sizes=\"auto, (max-width: 600px) 100vw, 600px\" \/><\/figure>\n\n\n\n<div class=\"wp-block-pb-accordion-item c-accordion__item js-accordion-item no-js\" data-initially-open=\"false\" data-click-to-close=\"true\" data-auto-close=\"true\" data-scroll=\"false\" data-scroll-offset=\"0\"><h3 id=\"at-69\" class=\"c-accordion__title js-accordion-controller\" role=\"button\"> Slobodna improvizacija <\/h3><div id=\"ac-69\" class=\"c-accordion__content\">\n<p><strong>Trajanje: 2 mjeseca<\/strong><\/p>\n\n\n\n<p><strong>Odr\u017eavanje: 4 puta \u2013 svaka 2 tjedna <\/strong><\/p>\n\n\n\n<p><strong>Trajanje radionice: 3 sata <\/strong><\/p>\n\n\n\n<p>Ova radionica namijenjena je svima, \u010dak i onima bez ikakvog\nteorijskog znanja o glazbi, ali se glazbom bave ili se \u017eele baviti. Ovaj\npredmet izvodi se u grupama, neovisno o prethodnom znanju sviranja. <\/p>\n\n\n\n<p>Svatko donosi svoj instrument, a ako polaznik nema vlastiti\ninstrument na radionici \u0107e ga dobiti ili \u0107e se koristiti svojim glasom kao\ninstrumentom. <\/p>\n\n\n\n<p>Na svakoj radionici usmjeravat \u0107emo se na jedan podra\u017eaj: ton, ritam, boju, pokret\u2026  Cilj ove radionice je opu\u0161tanje tijela i uma, shva\u0107anje da je pozitivan osje\u0107aj sviranja klju\u010dan za daljnje u\u010denje o glazbi, spajanje duha i tijela s glazbom, uvi\u0111anje da svatko mo\u017ee svirati i proizvoditi glazbu i ponovno se zaljubiti u nju. <\/p>\n<\/div><\/div>\n<\/div><\/div>\n\n\n\n<div style=\"height:60px\" aria-hidden=\"true\" class=\"wp-block-spacer\"><\/div>\n<\/div>\n<\/div>\n\n\n\n<div class=\"wp-block-group alignfull has-background\" style=\"background-color:#ffffff\"><div class=\"wp-block-group__inner-container is-layout-flow wp-block-group-is-layout-flow\">\n<h3 class=\"wp-block-heading has-text-align-center\">Drugi o onama<\/h3>\n<\/div><\/div>\n\n\n\n<div class=\"wp-block-group alignfull has-background\" style=\"background-color:#ffffff\"><div class=\"wp-block-group__inner-container is-layout-flow wp-block-group-is-layout-flow\">\n<div class=\"wp-block-columns alignfull is-layout-flex wp-container-core-columns-is-layout-9d6595d7 wp-block-columns-is-layout-flex\">\n<div class=\"wp-block-column is-layout-flow wp-block-column-is-layout-flow\">\n<p> Marinovo \u0161iroko znanje o harmoniji, tonovima, intervalima, zvuku i glazbi op\u0107enito, dolazi na njegovim satima veoma suptilno do izra\u017eaja kroz nekonvencionalan i veoma intersantan pristup. Njegova nesebi\u010dna i iskrena \u017eelja da prenese znanje na najjednostavniji mogu\u0107i na\u010din, ukazuju\u0107i na neke zaista bitne detalje koje olak\u0161avaju polaznicima da razbiju osobne mitove i odre\u0111ene predrasude spram glazbe i na taj jedan neobi\u010dan na\u010din spoznaju sebe kroz glazbu i dopuste si da u njoj zaista uzivaju. Svakako je iskustvo&nbsp; bivanja na njegovim radionicama ne\u0161to \u0161to \u0107e&nbsp; kako glazbenim amaterima a i profesionalnim muzi\u010darima pokazati jednu drugu, svje\u017eu perspektivu u u\u010denju i pribli\u017eavanju, tom ponekad zastra\u0161uju\u0107em terminu, terminu glazbene teorije. <\/p>\n\n\n\n<p><strong>B. R.<\/strong><\/p>\n<\/div>\n\n\n\n<div class=\"wp-block-column is-layout-flow wp-block-column-is-layout-flow\">\n<p> Marin \u017divkovi\u0107 sa svojom metodom izrade melodijskih linija jako me inspirirao te mi otvorio neki novi i svje\u017e pogled na postupanje sa, prije svega, neakordi\u010dkim tonovima. Sjajan i posve\u0107en pedagog i teoreti\u010dar, njegova predavanja preporu\u010dam od srca svim amaterskim i profesionalnim glazbenim teoreti\u010darima koji ina\u010de imaju problema s razumijevanjem solfeggia i teorije te po\u010detnicima, ali isto tako i instrumentalistima \u017eeljnim muzi\u010dkog rasta i razvoja.<\/p>\n\n\n\n<p><strong>K. L.<\/strong><\/p>\n<\/div>\n<\/div>\n<\/div><\/div>\n\n\n\n<div class=\"wp-block-group alignfull\"><div class=\"wp-block-group__inner-container is-layout-flow wp-block-group-is-layout-flow\">\n<h2 class=\"wp-block-heading has-text-align-center\" id=\"cijene\">Cijene<\/h2>\n<\/div><\/div>\n\n\n\n<div class=\"wp-block-columns alignfull is-layout-flex wp-container-core-columns-is-layout-9d6595d7 wp-block-columns-is-layout-flex\">\n<div class=\"wp-block-column is-layout-flow wp-block-column-is-layout-flow\">\n<div class=\"wp-block-group has-subtle-background-background-color has-background\"><div class=\"wp-block-group__inner-container is-layout-flow wp-block-group-is-layout-flow\">\n<ul class=\"wp-block-list\">\n<li>prvi sat jedan na jedan besplatan<\/li>\n<\/ul>\n\n\n\n<ul class=\"wp-block-list\">\n<li>jedan na jedan 1 x 45min &#8211; 25 EUR<\/li>\n<\/ul>\n\n\n\n<ul class=\"wp-block-list\">\n<li>jedan na jedan 1 x 90min &#8211; 50 EUR<\/li>\n<\/ul>\n<\/div><\/div>\n<\/div>\n\n\n\n<div class=\"wp-block-column is-layout-flow wp-block-column-is-layout-flow\">\n<div class=\"wp-block-group has-secondary-background-color has-background\"><div class=\"wp-block-group__inner-container is-layout-flow wp-block-group-is-layout-flow\">\n<ul class=\"wp-block-list\"><\/ul>\n\n\n\n<ul class=\"wp-block-list\"><\/ul>\n\n\n\n<div style=\"height:134px\" aria-hidden=\"true\" class=\"wp-block-spacer\"><\/div>\n<\/div><\/div>\n<\/div>\n<\/div>\n\n\n\n<div class=\"wp-block-group alignwide has-background\" style=\"background-color:#ffffff\"><div class=\"wp-block-group__inner-container is-layout-flow wp-block-group-is-layout-flow\">\n<div class=\"wp-block-group\"><div class=\"wp-block-group__inner-container is-layout-flow wp-block-group-is-layout-flow\">\n<h2 class=\"has-text-align-center wp-block-heading\" id=\"kontakt\">Slobodno nam se javite!<\/h2>\n\n\n<div class=\"wpforms-container wpforms-container-full wpforms-block\" id=\"wpforms-106\"><form id=\"wpforms-form-106\" class=\"wpforms-validate wpforms-form\" data-formid=\"106\" method=\"post\" enctype=\"multipart\/form-data\" action=\"\/index.php\/wp-json\/wp\/v2\/pages\/6\" data-token=\"91652b34aedc605a989ae9e9fc9c1757\" data-token-time=\"1776986005\"><noscript class=\"wpforms-error-noscript\">Please enable JavaScript in your browser to complete this form.<\/noscript><div class=\"wpforms-field-container\"><div id=\"wpforms-106-field_0-container\" class=\"wpforms-field wpforms-field-name\" data-field-id=\"0\"><label class=\"wpforms-field-label\" for=\"wpforms-106-field_0\">Ime <span class=\"wpforms-required-label\">*<\/span><\/label><input type=\"text\" id=\"wpforms-106-field_0\" class=\"wpforms-field-medium wpforms-field-required\" name=\"wpforms[fields][0]\" required><\/div><div id=\"wpforms-106-field_1-container\" class=\"wpforms-field wpforms-field-email\" data-field-id=\"1\"><label class=\"wpforms-field-label\" for=\"wpforms-106-field_1\">Email <span class=\"wpforms-required-label\">*<\/span><\/label><input type=\"email\" id=\"wpforms-106-field_1\" class=\"wpforms-field-medium wpforms-field-required\" name=\"wpforms[fields][1]\" spellcheck=\"false\" required><\/div><div id=\"wpforms-106-field_2-container\" class=\"wpforms-field wpforms-field-textarea\" data-field-id=\"2\"><label class=\"wpforms-field-label\" for=\"wpforms-106-field_2\">Zanima me <span class=\"wpforms-required-label\">*<\/span><\/label><textarea id=\"wpforms-106-field_2\" class=\"wpforms-field-medium wpforms-field-required\" name=\"wpforms[fields][2]\" required><\/textarea><\/div><\/div><!-- .wpforms-field-container --><div class=\"wpforms-field wpforms-field-hp\"><label for=\"wpforms-106-field-hp\" class=\"wpforms-field-label\">Phone<\/label><input type=\"text\" name=\"wpforms[hp]\" id=\"wpforms-106-field-hp\" class=\"wpforms-field-medium\"><\/div><div class=\"wpforms-submit-container\" ><input type=\"hidden\" name=\"wpforms[id]\" value=\"106\"><input type=\"hidden\" name=\"page_title\" value=\"\"><input type=\"hidden\" name=\"page_url\" value=\"https:\/\/ahaceda.hr\/index.php\/wp-json\/wp\/v2\/pages\/6\"><input type=\"hidden\" name=\"url_referer\" value=\"\"><button type=\"submit\" name=\"wpforms[submit]\" id=\"wpforms-submit-106\" class=\"wpforms-submit\" data-alt-text=\"\u0160aljem...\" data-submit-text=\"Po\u0161alji\" aria-live=\"assertive\" value=\"wpforms-submit\">Po\u0161alji<\/button><\/div><\/form><\/div>  <!-- .wpforms-container -->\n\n\n<p class=\"has-text-align-center\">Zovite nas na 099 5857 106, ili nam nam pi\u0161ite na <a href=\"mailto:ahaceda@gmail.com\">ahaceda@gmail.com<\/a><\/p>\n<\/div><\/div>\n<\/div><\/div>\n\n\n\n<p><\/p>\n","protected":false},"excerpt":{"rendered":"<p>Predava\u010d Marin \u017divkovi\u0107 Saksofonist, kompozitor, predava\u010d s trenutnim prebivali\u0161tem i centralnim djelovanjem u Zagrebu. Prvo je zavr\u0161io pred\u0161kolski odgoj na U\u010diteljskom fakultetu u Zagrebu, potom odlazi u Belgiju gdje studira na Kraljevskom konzervatoriju u Antwerpenu u klasi Kurt van Hercka. Nakon dvije godine upisuje privatnu jazz akademiju u Antwerpenu gdje je diplomirao u klasi Vincenta [&hellip;]<\/p>\n","protected":false},"author":1,"featured_media":0,"parent":0,"menu_order":0,"comment_status":"closed","ping_status":"closed","template":"","meta":{"_uag_custom_page_level_css":"","footnotes":""},"class_list":["post-6","page","type-page","status-publish","hentry"],"yoast_head":"<!-- This site is optimized with the Yoast SEO plugin v26.2 - https:\/\/yoast.com\/wordpress\/plugins\/seo\/ -->\n<title>Moderna GLAZBENA nastava - Ahaceda<\/title>\n<meta name=\"description\" content=\"Muzi\u010dko obrazovanje iz druge dimenzije. Javite nam se sa povjerenjem i isborbajte najbolju glazbenu nastavu u Hrvatskoj.\" \/>\n<meta name=\"robots\" content=\"index, follow, max-snippet:-1, max-image-preview:large, max-video-preview:-1\" \/>\n<link rel=\"canonical\" href=\"https:\/\/ahaceda.hr\/\" \/>\n<meta property=\"og:locale\" content=\"hr_HR\" \/>\n<meta property=\"og:type\" content=\"article\" \/>\n<meta property=\"og:title\" content=\"Moderna GLAZBENA nastava - Ahaceda\" \/>\n<meta property=\"og:description\" content=\"Muzi\u010dko obrazovanje iz druge dimenzije. Javite nam se sa povjerenjem i isborbajte najbolju glazbenu nastavu u Hrvatskoj.\" \/>\n<meta property=\"og:url\" content=\"https:\/\/ahaceda.hr\/\" \/>\n<meta property=\"og:site_name\" content=\"Ahaceda\" \/>\n<meta property=\"article:modified_time\" content=\"2025-09-18T06:36:17+00:00\" \/>\n<meta property=\"og:image\" content=\"http:\/\/ahaceda.hr\/wp-content\/uploads\/2020\/01\/marin-zivkovic-e1578844298964.jpg\" \/>\n<meta name=\"twitter:card\" content=\"summary_large_image\" \/>\n<meta name=\"twitter:label1\" content=\"Procijenjeno vrijeme \u010ditanja\" \/>\n\t<meta name=\"twitter:data1\" content=\"6 minuta\" \/>\n<script type=\"application\/ld+json\" class=\"yoast-schema-graph\">{\"@context\":\"https:\/\/schema.org\",\"@graph\":[{\"@type\":\"WebPage\",\"@id\":\"https:\/\/ahaceda.hr\/\",\"url\":\"https:\/\/ahaceda.hr\/\",\"name\":\"Moderna GLAZBENA nastava - Ahaceda\",\"isPartOf\":{\"@id\":\"https:\/\/ahaceda.hr\/#website\"},\"primaryImageOfPage\":{\"@id\":\"https:\/\/ahaceda.hr\/#primaryimage\"},\"image\":{\"@id\":\"https:\/\/ahaceda.hr\/#primaryimage\"},\"thumbnailUrl\":\"http:\/\/ahaceda.hr\/wp-content\/uploads\/2020\/01\/marin-zivkovic-e1578844298964.jpg\",\"datePublished\":\"2019-11-17T15:44:16+00:00\",\"dateModified\":\"2025-09-18T06:36:17+00:00\",\"description\":\"Muzi\u010dko obrazovanje iz druge dimenzije. Javite nam se sa povjerenjem i isborbajte najbolju glazbenu nastavu u Hrvatskoj.\",\"breadcrumb\":{\"@id\":\"https:\/\/ahaceda.hr\/#breadcrumb\"},\"inLanguage\":\"hr\",\"potentialAction\":[{\"@type\":\"ReadAction\",\"target\":[\"https:\/\/ahaceda.hr\/\"]}]},{\"@type\":\"ImageObject\",\"inLanguage\":\"hr\",\"@id\":\"https:\/\/ahaceda.hr\/#primaryimage\",\"url\":\"http:\/\/ahaceda.hr\/wp-content\/uploads\/2020\/01\/marin-zivkovic-e1578844298964.jpg\",\"contentUrl\":\"http:\/\/ahaceda.hr\/wp-content\/uploads\/2020\/01\/marin-zivkovic-e1578844298964.jpg\"},{\"@type\":\"BreadcrumbList\",\"@id\":\"https:\/\/ahaceda.hr\/#breadcrumb\",\"itemListElement\":[{\"@type\":\"ListItem\",\"position\":1,\"name\":\"Po\u010detna stranica\",\"item\":\"https:\/\/ahaceda.hr\/\"},{\"@type\":\"ListItem\",\"position\":2,\"name\":\"Moderna GLAZBENA nastava\"}]},{\"@type\":\"WebSite\",\"@id\":\"https:\/\/ahaceda.hr\/#website\",\"url\":\"https:\/\/ahaceda.hr\/\",\"name\":\"Ahaceda\",\"description\":\"Muzi\u010dko obrazovanje iz druge dimenzije\",\"publisher\":{\"@id\":\"https:\/\/ahaceda.hr\/#organization\"},\"potentialAction\":[{\"@type\":\"SearchAction\",\"target\":{\"@type\":\"EntryPoint\",\"urlTemplate\":\"https:\/\/ahaceda.hr\/?s={search_term_string}\"},\"query-input\":{\"@type\":\"PropertyValueSpecification\",\"valueRequired\":true,\"valueName\":\"search_term_string\"}}],\"inLanguage\":\"hr\"},{\"@type\":\"Organization\",\"@id\":\"https:\/\/ahaceda.hr\/#organization\",\"name\":\"Ahaceda - moderna glazbena nastava\",\"url\":\"https:\/\/ahaceda.hr\/\",\"logo\":{\"@type\":\"ImageObject\",\"inLanguage\":\"hr\",\"@id\":\"https:\/\/ahaceda.hr\/#\/schema\/logo\/image\/\",\"url\":\"http:\/\/ahaceda.hr\/wp-content\/uploads\/2020\/03\/logo-ahaceda.png\",\"contentUrl\":\"http:\/\/ahaceda.hr\/wp-content\/uploads\/2020\/03\/logo-ahaceda.png\",\"width\":512,\"height\":512,\"caption\":\"Ahaceda - moderna glazbena nastava\"},\"image\":{\"@id\":\"https:\/\/ahaceda.hr\/#\/schema\/logo\/image\/\"}}]}<\/script>\n<!-- \/ Yoast SEO plugin. -->","yoast_head_json":{"title":"Moderna GLAZBENA nastava - Ahaceda","description":"Muzi\u010dko obrazovanje iz druge dimenzije. Javite nam se sa povjerenjem i isborbajte najbolju glazbenu nastavu u Hrvatskoj.","robots":{"index":"index","follow":"follow","max-snippet":"max-snippet:-1","max-image-preview":"max-image-preview:large","max-video-preview":"max-video-preview:-1"},"canonical":"https:\/\/ahaceda.hr\/","og_locale":"hr_HR","og_type":"article","og_title":"Moderna GLAZBENA nastava - Ahaceda","og_description":"Muzi\u010dko obrazovanje iz druge dimenzije. Javite nam se sa povjerenjem i isborbajte najbolju glazbenu nastavu u Hrvatskoj.","og_url":"https:\/\/ahaceda.hr\/","og_site_name":"Ahaceda","article_modified_time":"2025-09-18T06:36:17+00:00","og_image":[{"url":"http:\/\/ahaceda.hr\/wp-content\/uploads\/2020\/01\/marin-zivkovic-e1578844298964.jpg","type":"","width":"","height":""}],"twitter_card":"summary_large_image","twitter_misc":{"Procijenjeno vrijeme \u010ditanja":"6 minuta"},"schema":{"@context":"https:\/\/schema.org","@graph":[{"@type":"WebPage","@id":"https:\/\/ahaceda.hr\/","url":"https:\/\/ahaceda.hr\/","name":"Moderna GLAZBENA nastava - Ahaceda","isPartOf":{"@id":"https:\/\/ahaceda.hr\/#website"},"primaryImageOfPage":{"@id":"https:\/\/ahaceda.hr\/#primaryimage"},"image":{"@id":"https:\/\/ahaceda.hr\/#primaryimage"},"thumbnailUrl":"http:\/\/ahaceda.hr\/wp-content\/uploads\/2020\/01\/marin-zivkovic-e1578844298964.jpg","datePublished":"2019-11-17T15:44:16+00:00","dateModified":"2025-09-18T06:36:17+00:00","description":"Muzi\u010dko obrazovanje iz druge dimenzije. Javite nam se sa povjerenjem i isborbajte najbolju glazbenu nastavu u Hrvatskoj.","breadcrumb":{"@id":"https:\/\/ahaceda.hr\/#breadcrumb"},"inLanguage":"hr","potentialAction":[{"@type":"ReadAction","target":["https:\/\/ahaceda.hr\/"]}]},{"@type":"ImageObject","inLanguage":"hr","@id":"https:\/\/ahaceda.hr\/#primaryimage","url":"http:\/\/ahaceda.hr\/wp-content\/uploads\/2020\/01\/marin-zivkovic-e1578844298964.jpg","contentUrl":"http:\/\/ahaceda.hr\/wp-content\/uploads\/2020\/01\/marin-zivkovic-e1578844298964.jpg"},{"@type":"BreadcrumbList","@id":"https:\/\/ahaceda.hr\/#breadcrumb","itemListElement":[{"@type":"ListItem","position":1,"name":"Po\u010detna stranica","item":"https:\/\/ahaceda.hr\/"},{"@type":"ListItem","position":2,"name":"Moderna GLAZBENA nastava"}]},{"@type":"WebSite","@id":"https:\/\/ahaceda.hr\/#website","url":"https:\/\/ahaceda.hr\/","name":"Ahaceda","description":"Muzi\u010dko obrazovanje iz druge dimenzije","publisher":{"@id":"https:\/\/ahaceda.hr\/#organization"},"potentialAction":[{"@type":"SearchAction","target":{"@type":"EntryPoint","urlTemplate":"https:\/\/ahaceda.hr\/?s={search_term_string}"},"query-input":{"@type":"PropertyValueSpecification","valueRequired":true,"valueName":"search_term_string"}}],"inLanguage":"hr"},{"@type":"Organization","@id":"https:\/\/ahaceda.hr\/#organization","name":"Ahaceda - moderna glazbena nastava","url":"https:\/\/ahaceda.hr\/","logo":{"@type":"ImageObject","inLanguage":"hr","@id":"https:\/\/ahaceda.hr\/#\/schema\/logo\/image\/","url":"http:\/\/ahaceda.hr\/wp-content\/uploads\/2020\/03\/logo-ahaceda.png","contentUrl":"http:\/\/ahaceda.hr\/wp-content\/uploads\/2020\/03\/logo-ahaceda.png","width":512,"height":512,"caption":"Ahaceda - moderna glazbena nastava"},"image":{"@id":"https:\/\/ahaceda.hr\/#\/schema\/logo\/image\/"}}]}},"uagb_featured_image_src":{"full":false,"thumbnail":false,"medium":false,"medium_large":false,"large":false,"1536x1536":false,"2048x2048":false,"post-thumbnail":false,"twentytwenty-fullscreen":false},"uagb_author_info":{"display_name":"Andelko","author_link":"https:\/\/ahaceda.hr\/index.php\/author\/andelko\/"},"uagb_comment_info":0,"uagb_excerpt":"Predava\u010d Marin \u017divkovi\u0107 Saksofonist, kompozitor, predava\u010d s trenutnim prebivali\u0161tem i centralnim djelovanjem u Zagrebu. Prvo je zavr\u0161io pred\u0161kolski odgoj na U\u010diteljskom fakultetu u Zagrebu, potom odlazi u Belgiju gdje studira na Kraljevskom konzervatoriju u Antwerpenu u klasi Kurt van Hercka. Nakon dvije godine upisuje privatnu jazz akademiju u Antwerpenu gdje je diplomirao u klasi Vincenta&hellip;","_links":{"self":[{"href":"https:\/\/ahaceda.hr\/index.php\/wp-json\/wp\/v2\/pages\/6","targetHints":{"allow":["GET"]}}],"collection":[{"href":"https:\/\/ahaceda.hr\/index.php\/wp-json\/wp\/v2\/pages"}],"about":[{"href":"https:\/\/ahaceda.hr\/index.php\/wp-json\/wp\/v2\/types\/page"}],"author":[{"embeddable":true,"href":"https:\/\/ahaceda.hr\/index.php\/wp-json\/wp\/v2\/users\/1"}],"replies":[{"embeddable":true,"href":"https:\/\/ahaceda.hr\/index.php\/wp-json\/wp\/v2\/comments?post=6"}],"version-history":[{"count":81,"href":"https:\/\/ahaceda.hr\/index.php\/wp-json\/wp\/v2\/pages\/6\/revisions"}],"predecessor-version":[{"id":211,"href":"https:\/\/ahaceda.hr\/index.php\/wp-json\/wp\/v2\/pages\/6\/revisions\/211"}],"wp:attachment":[{"href":"https:\/\/ahaceda.hr\/index.php\/wp-json\/wp\/v2\/media?parent=6"}],"curies":[{"name":"wp","href":"https:\/\/api.w.org\/{rel}","templated":true}]}}