{"id":39,"date":"2020-01-09T22:25:54","date_gmt":"2020-01-09T21:25:54","guid":{"rendered":"http:\/\/ahaceda.hr\/?page_id=39"},"modified":"2020-01-12T18:08:24","modified_gmt":"2020-01-12T17:08:24","slug":"marin-zivkovic","status":"publish","type":"page","link":"https:\/\/ahaceda.hr\/index.php\/marin-zivkovic\/","title":{"rendered":"Marin \u017divkovi\u0107"},"content":{"rendered":"\n<p><strong><em>O predava\u010du: <\/em><\/strong><\/p>\n\n\n\n<p>Marin \u017divkovi\u0107 je saksofonist, kompozitor, predava\u010d s trenutnim prebivali\u0161tem i centralnim djelovanjem u Zagrebu. Prvo je zavr\u0161io pred\u0161kolski odgoj na U\u010diteljskom fakultetu u Zagrebu, potom odlazi u Belgiju gdje studira na Kraljevskom konzervatoriju u Antwerpenu u klasi Kurt van Hercka. Nakon dvije godine upisuje privatnu jazz akademiju u Antwerpenu gdje je diplomirao u klasi Vincenta Brijsa.<\/p>\n\n\n\n<div style=\"height:100px\" aria-hidden=\"true\" class=\"wp-block-spacer\"><\/div>\n\n\n\n<p><strong><em>Trenutno djeluje: <\/em><\/strong><\/p>\n\n\n\n<ul class=\"wp-block-list\"><li>Porto Morto (bend)<\/li><li>Mary May (bend)<\/li><li>Atman fu (bend) <\/li><li>Big bend Muzi\u010dke akademije u Zagrebu, dirigent\nSa\u0161a Nestorovi\u0107<\/li><li>Proba Orkestra, predstava u kazali\u0161tu ZKM u\nre\u017eiji Edvina Liveri\u0107a<\/li><li>Nepoznata iz Seine, predstava u Teatru &amp;td u\nre\u017eiji Rajne Racz, premijera u svibnju 2020. <\/li><li>Dr\u017ei predavanja iz Improvizacije i Prakti\u010dne\nharmonije na poziv Glazbenih \u0161kola i udruga. <\/li><\/ul>\n\n\n\n<div style=\"height:100px\" aria-hidden=\"true\" class=\"wp-block-spacer\"><\/div>\n\n\n\n<p><strong><em>Umjetni\u010dko\nistra\u017eiva\u010dki projekti: <\/em><\/strong><\/p>\n\n\n\n<p><em>Ahaceda\nglazbe &#8211; <\/em>prakti\u010dna\nharmonija i improvizacije,predava\u010d<\/p>\n\n\n\n<p>Izvedeno:<\/p>\n\n\n\n<ul class=\"wp-block-list\"><li>Zapis u glazbi, Multipak-Virovitica, Virovitica, Hrvatska,\n2019.<\/li><li>Svemir i Solfeggio, Kulturni Centar Mesni\u010dka Zagreb,\nHrvatska, 2019. <\/li><li>Uvod u Solfeggio, Kunst Teatar, Zagreb, Hrvatska, 2019. <\/li><li>Zvuk na otoku, Music room Paiz, Starigrad, Hrvatska, 2019.<\/li><li><em>Klank mur, <\/em>geometrija u arhitekturi i glazbi<em>, <\/em>skladatelj i izvo\u0111a\u010d, izvedeno: Royal\nAcademy of Fine Art, Antwerpen, Belgija, 2013. <\/li><li>STORMOPKOMST- otvorenje zgrade u Turnhout, Belgija, 2014. <\/li><\/ul>\n\n\n\n<div style=\"height:100px\" aria-hidden=\"true\" class=\"wp-block-spacer\"><\/div>\n\n\n\n<p><strong>Umjetni\u010dko stvarala\u0161tvo: <\/strong><\/p>\n\n\n\n<div class=\"wp-block-columns is-layout-flex wp-container-core-columns-is-layout-9d6595d7 wp-block-columns-is-layout-flex\">\n<div class=\"wp-block-column is-layout-flow wp-block-column-is-layout-flow\">\n<p><strong><em>Izvedbene\numjetnosti: <\/em><\/strong><\/p>\n\n\n\n<p><strong>Scenes uit Hiernamaals<\/strong><\/p>\n\n\n\n<p>skladatelj i izvo\u0111a\u010d<\/p>\n\n\n\n<p>redatelj: Catrine Hermans-Vlaamse\nfruit-Belgija 2014\/2016<\/p>\n\n\n\n<hr class=\"wp-block-separator\"\/>\n\n\n\n<p><strong>Mix Door<\/strong><\/p>\n\n\n\n<p>izvo\u0111a\u010d<\/p>\n\n\n\n<p>redatelji:\nBenjamin Glass, Spyros Andreopoulos, Eric Lecomte-ZPC-HR, HU, FR, 2015\/2016<\/p>\n\n\n\n<hr class=\"wp-block-separator\"\/>\n\n\n\n<p><strong>Connector<\/strong><\/p>\n\n\n\n<p>izvo\u0111a\u010d<\/p>\n\n\n\n<p>koreograf: Aleksandra Janeva\nImfeld-Stuck-Lueven, Pianofariek-Brisel -Belgija-2014<\/p>\n\n\n\n<hr class=\"wp-block-separator\"\/>\n\n\n\n<p><strong>Nero<\/strong><\/p>\n\n\n\n<p>skladatelj<\/p>\n\n\n\n<p>koreografi:\nAlfredo Zinola\/Maxwell Anthony Mccarthy-Festival Turnhout (BE), Quartier am\nHafen<\/p>\n\n\n\n<p>K\u00f6ln,\nZ.A.I.K. curated by the MichaelDouglas Kollektiv. In collaboration with:\nSCHAUBUDE<\/p>\n\n\n\n<p>Berlin\nTheater, Fondazione T.r.g. Onlus Turin (IT) and Think Big! Festival M\u00fcnchen.\n-2014\/2015<\/p>\n\n\n\n<hr class=\"wp-block-separator\"\/>\n\n\n\n<p><strong>The Nearest Exit<\/strong><\/p>\n\n\n\n<p>skladatelj<\/p>\n\n\n\n<p>koreografi: Prwanhe Frei\/Rachel Oidtmann,\nUffer Studio-Berlin-2015<\/p>\n\n\n\n<hr class=\"wp-block-separator\"\/>\n\n\n\n<p><strong>Displaced<\/strong><\/p>\n\n\n\n<p>izvo\u0111a\u010d<\/p>\n\n\n\n<p>koreograf:\nTamara Curi\u0107, Larisa Navojec, Aleksandra Janeva Imfeld-Ultima Vez Studios\n(Brussels) and PC Tala (Zagreb) and Pogon Jedinstvo (Zagreb)-2015<\/p>\n<\/div>\n\n\n\n<div class=\"wp-block-column is-layout-flow wp-block-column-is-layout-flow\">\n<p><strong><em>Film:<\/em><\/strong><\/p>\n\n\n\n<p><strong>Son seul<\/strong><\/p>\n\n\n\n<p>suradnik na scenariju<\/p>\n\n\n\n<p>redatelj: Lothar Legon -Belgija 2013<\/p>\n\n\n\n<hr class=\"wp-block-separator\"\/>\n\n\n\n<p><strong>Kada gosti odnesu tamna odijela<\/strong><\/p>\n\n\n\n<p>skladatelj\n<strong><em><\/em><\/strong><\/p>\n\n\n\n<p>redatelji:\nTomislav \u0160oban i Darija Bla\u017eevi\u0107, HRT \u2013 Hrvatska 2016<\/p>\n\n\n\n<hr class=\"wp-block-separator\"\/>\n\n\n\n<p><strong>I tako dalje<\/strong><\/p>\n\n\n\n<p>skladatelj<\/p>\n\n\n\n<p>redatelj: Tomislav \u0160oban &#8211; HRT-Hrvatska\n2017<\/p>\n\n\n\n<hr class=\"wp-block-separator\"\/>\n\n\n\n<p><strong>Kartograf<\/strong><\/p>\n\n\n\n<p>skladatelj<\/p>\n\n\n\n<p>redatelj: Darija Bla\u017eevi\u0107-HAVC-Hrvatska\n2017<\/p>\n\n\n\n<hr class=\"wp-block-separator\"\/>\n\n\n\n<p><strong>Rhymes of the White Crow<\/strong><\/p>\n\n\n\n<p>skladatelj<\/p>\n\n\n\n<p>redatelj:\nAndrea Resner &#8211; producent: Ivan Peri\u0107-Hrvatska 2019<\/p>\n<\/div>\n<\/div>\n\n\n\n<div style=\"height:100px\" aria-hidden=\"true\" class=\"wp-block-spacer\"><\/div>\n\n\n\n<div class=\"wp-block-group alignfull\"><div class=\"wp-block-group__inner-container is-layout-flow wp-block-group-is-layout-flow\">\n<div class=\"wp-block-group alignwide has-background\" style=\"background-color:#ffffff\"><div class=\"wp-block-group__inner-container is-layout-flow wp-block-group-is-layout-flow\">\n<div class=\"wp-block-group\"><div class=\"wp-block-group__inner-container is-layout-flow wp-block-group-is-layout-flow\">\n<h2 class=\"has-text-align-center wp-block-heading\" id=\"kontakt\">Slobodno nam se javite!<\/h2>\n\n\n<div class=\"wpforms-container wpforms-container-full wpforms-block\" id=\"wpforms-106\"><form id=\"wpforms-form-106\" class=\"wpforms-validate wpforms-form\" data-formid=\"106\" method=\"post\" enctype=\"multipart\/form-data\" action=\"\/index.php\/wp-json\/wp\/v2\/pages\/39\" data-token=\"02e65d6fb5d9c5aab9002e548bcdae51\" data-token-time=\"1777575619\"><noscript class=\"wpforms-error-noscript\">Please enable JavaScript in your browser to complete this form.<\/noscript><div class=\"wpforms-field-container\"><div id=\"wpforms-106-field_0-container\" class=\"wpforms-field wpforms-field-name\" data-field-id=\"0\"><label class=\"wpforms-field-label\" for=\"wpforms-106-field_0\">Ime <span class=\"wpforms-required-label\">*<\/span><\/label><input type=\"text\" id=\"wpforms-106-field_0\" class=\"wpforms-field-medium wpforms-field-required\" name=\"wpforms[fields][0]\" required><\/div><div id=\"wpforms-106-field_1-container\" class=\"wpforms-field wpforms-field-email\" data-field-id=\"1\"><label class=\"wpforms-field-label\" for=\"wpforms-106-field_1\">Email <span class=\"wpforms-required-label\">*<\/span><\/label><input type=\"email\" id=\"wpforms-106-field_1\" class=\"wpforms-field-medium wpforms-field-required\" name=\"wpforms[fields][1]\" spellcheck=\"false\" required><\/div><div id=\"wpforms-106-field_2-container\" class=\"wpforms-field wpforms-field-textarea\" data-field-id=\"2\"><label class=\"wpforms-field-label\" for=\"wpforms-106-field_2\">Zanima me <span class=\"wpforms-required-label\">*<\/span><\/label><textarea id=\"wpforms-106-field_2\" class=\"wpforms-field-medium wpforms-field-required\" name=\"wpforms[fields][2]\" required><\/textarea><\/div><\/div><!-- .wpforms-field-container --><div class=\"wpforms-field wpforms-field-hp\"><label for=\"wpforms-106-field-hp\" class=\"wpforms-field-label\">Website<\/label><input type=\"text\" name=\"wpforms[hp]\" id=\"wpforms-106-field-hp\" class=\"wpforms-field-medium\"><\/div><div class=\"wpforms-submit-container\" ><input type=\"hidden\" name=\"wpforms[id]\" value=\"106\"><input type=\"hidden\" name=\"page_title\" value=\"\"><input type=\"hidden\" name=\"page_url\" value=\"https:\/\/ahaceda.hr\/index.php\/wp-json\/wp\/v2\/pages\/39\"><input type=\"hidden\" name=\"url_referer\" value=\"\"><button type=\"submit\" name=\"wpforms[submit]\" id=\"wpforms-submit-106\" class=\"wpforms-submit\" data-alt-text=\"\u0160aljem...\" data-submit-text=\"Po\u0161alji\" aria-live=\"assertive\" value=\"wpforms-submit\">Po\u0161alji<\/button><\/div><\/form><\/div>  <!-- .wpforms-container -->\n\n\n<p class=\"has-text-align-center\">Zovite nas na 099 5857 106, ili nam nam pi\u0161ite na <a href=\"mailto:ahaceda@gmail.com\">ahaceda@gmail.com<\/a><\/p>\n<\/div><\/div>\n<\/div><\/div>\n<\/div><\/div>\n","protected":false},"excerpt":{"rendered":"<p>O predava\u010du: Marin \u017divkovi\u0107 je saksofonist, kompozitor, predava\u010d s trenutnim prebivali\u0161tem i centralnim djelovanjem u Zagrebu. Prvo je zavr\u0161io pred\u0161kolski odgoj na U\u010diteljskom fakultetu u Zagrebu, potom odlazi u Belgiju gdje studira na Kraljevskom konzervatoriju u Antwerpenu u klasi Kurt van Hercka. Nakon dvije godine upisuje privatnu jazz akademiju u Antwerpenu gdje je diplomirao u [&hellip;]<\/p>\n","protected":false},"author":1,"featured_media":0,"parent":0,"menu_order":0,"comment_status":"closed","ping_status":"closed","template":"","meta":{"_uag_custom_page_level_css":"","footnotes":""},"class_list":["post-39","page","type-page","status-publish","hentry"],"yoast_head":"<!-- This site is optimized with the Yoast SEO plugin v26.2 - https:\/\/yoast.com\/wordpress\/plugins\/seo\/ -->\n<title>Marin \u017divkovi\u0107 - Ahaceda<\/title>\n<meta name=\"robots\" content=\"index, follow, max-snippet:-1, max-image-preview:large, max-video-preview:-1\" \/>\n<link rel=\"canonical\" href=\"https:\/\/ahaceda.hr\/index.php\/marin-zivkovic\/\" \/>\n<meta property=\"og:locale\" content=\"hr_HR\" \/>\n<meta property=\"og:type\" content=\"article\" \/>\n<meta property=\"og:title\" content=\"Marin \u017divkovi\u0107 - Ahaceda\" \/>\n<meta property=\"og:description\" content=\"O predava\u010du: Marin \u017divkovi\u0107 je saksofonist, kompozitor, predava\u010d s trenutnim prebivali\u0161tem i centralnim djelovanjem u Zagrebu. Prvo je zavr\u0161io pred\u0161kolski odgoj na U\u010diteljskom fakultetu u Zagrebu, potom odlazi u Belgiju gdje studira na Kraljevskom konzervatoriju u Antwerpenu u klasi Kurt van Hercka. Nakon dvije godine upisuje privatnu jazz akademiju u Antwerpenu gdje je diplomirao u [&hellip;]\" \/>\n<meta property=\"og:url\" content=\"https:\/\/ahaceda.hr\/index.php\/marin-zivkovic\/\" \/>\n<meta property=\"og:site_name\" content=\"Ahaceda\" \/>\n<meta property=\"article:modified_time\" content=\"2020-01-12T17:08:24+00:00\" \/>\n<meta name=\"twitter:card\" content=\"summary_large_image\" \/>\n<meta name=\"twitter:label1\" content=\"Procijenjeno vrijeme \u010ditanja\" \/>\n\t<meta name=\"twitter:data1\" content=\"2 minute\" \/>\n<script type=\"application\/ld+json\" class=\"yoast-schema-graph\">{\"@context\":\"https:\/\/schema.org\",\"@graph\":[{\"@type\":\"WebPage\",\"@id\":\"https:\/\/ahaceda.hr\/index.php\/marin-zivkovic\/\",\"url\":\"https:\/\/ahaceda.hr\/index.php\/marin-zivkovic\/\",\"name\":\"Marin \u017divkovi\u0107 - Ahaceda\",\"isPartOf\":{\"@id\":\"https:\/\/ahaceda.hr\/#website\"},\"datePublished\":\"2020-01-09T21:25:54+00:00\",\"dateModified\":\"2020-01-12T17:08:24+00:00\",\"breadcrumb\":{\"@id\":\"https:\/\/ahaceda.hr\/index.php\/marin-zivkovic\/#breadcrumb\"},\"inLanguage\":\"hr\",\"potentialAction\":[{\"@type\":\"ReadAction\",\"target\":[\"https:\/\/ahaceda.hr\/index.php\/marin-zivkovic\/\"]}]},{\"@type\":\"BreadcrumbList\",\"@id\":\"https:\/\/ahaceda.hr\/index.php\/marin-zivkovic\/#breadcrumb\",\"itemListElement\":[{\"@type\":\"ListItem\",\"position\":1,\"name\":\"Po\u010detna stranica\",\"item\":\"https:\/\/ahaceda.hr\/\"},{\"@type\":\"ListItem\",\"position\":2,\"name\":\"Marin \u017divkovi\u0107\"}]},{\"@type\":\"WebSite\",\"@id\":\"https:\/\/ahaceda.hr\/#website\",\"url\":\"https:\/\/ahaceda.hr\/\",\"name\":\"Ahaceda\",\"description\":\"Muzi\u010dko obrazovanje iz druge dimenzije\",\"publisher\":{\"@id\":\"https:\/\/ahaceda.hr\/#organization\"},\"potentialAction\":[{\"@type\":\"SearchAction\",\"target\":{\"@type\":\"EntryPoint\",\"urlTemplate\":\"https:\/\/ahaceda.hr\/?s={search_term_string}\"},\"query-input\":{\"@type\":\"PropertyValueSpecification\",\"valueRequired\":true,\"valueName\":\"search_term_string\"}}],\"inLanguage\":\"hr\"},{\"@type\":\"Organization\",\"@id\":\"https:\/\/ahaceda.hr\/#organization\",\"name\":\"Ahaceda - moderna glazbena nastava\",\"url\":\"https:\/\/ahaceda.hr\/\",\"logo\":{\"@type\":\"ImageObject\",\"inLanguage\":\"hr\",\"@id\":\"https:\/\/ahaceda.hr\/#\/schema\/logo\/image\/\",\"url\":\"http:\/\/ahaceda.hr\/wp-content\/uploads\/2020\/03\/logo-ahaceda.png\",\"contentUrl\":\"http:\/\/ahaceda.hr\/wp-content\/uploads\/2020\/03\/logo-ahaceda.png\",\"width\":512,\"height\":512,\"caption\":\"Ahaceda - moderna glazbena nastava\"},\"image\":{\"@id\":\"https:\/\/ahaceda.hr\/#\/schema\/logo\/image\/\"}}]}<\/script>\n<!-- \/ Yoast SEO plugin. -->","yoast_head_json":{"title":"Marin \u017divkovi\u0107 - Ahaceda","robots":{"index":"index","follow":"follow","max-snippet":"max-snippet:-1","max-image-preview":"max-image-preview:large","max-video-preview":"max-video-preview:-1"},"canonical":"https:\/\/ahaceda.hr\/index.php\/marin-zivkovic\/","og_locale":"hr_HR","og_type":"article","og_title":"Marin \u017divkovi\u0107 - Ahaceda","og_description":"O predava\u010du: Marin \u017divkovi\u0107 je saksofonist, kompozitor, predava\u010d s trenutnim prebivali\u0161tem i centralnim djelovanjem u Zagrebu. Prvo je zavr\u0161io pred\u0161kolski odgoj na U\u010diteljskom fakultetu u Zagrebu, potom odlazi u Belgiju gdje studira na Kraljevskom konzervatoriju u Antwerpenu u klasi Kurt van Hercka. Nakon dvije godine upisuje privatnu jazz akademiju u Antwerpenu gdje je diplomirao u [&hellip;]","og_url":"https:\/\/ahaceda.hr\/index.php\/marin-zivkovic\/","og_site_name":"Ahaceda","article_modified_time":"2020-01-12T17:08:24+00:00","twitter_card":"summary_large_image","twitter_misc":{"Procijenjeno vrijeme \u010ditanja":"2 minute"},"schema":{"@context":"https:\/\/schema.org","@graph":[{"@type":"WebPage","@id":"https:\/\/ahaceda.hr\/index.php\/marin-zivkovic\/","url":"https:\/\/ahaceda.hr\/index.php\/marin-zivkovic\/","name":"Marin \u017divkovi\u0107 - Ahaceda","isPartOf":{"@id":"https:\/\/ahaceda.hr\/#website"},"datePublished":"2020-01-09T21:25:54+00:00","dateModified":"2020-01-12T17:08:24+00:00","breadcrumb":{"@id":"https:\/\/ahaceda.hr\/index.php\/marin-zivkovic\/#breadcrumb"},"inLanguage":"hr","potentialAction":[{"@type":"ReadAction","target":["https:\/\/ahaceda.hr\/index.php\/marin-zivkovic\/"]}]},{"@type":"BreadcrumbList","@id":"https:\/\/ahaceda.hr\/index.php\/marin-zivkovic\/#breadcrumb","itemListElement":[{"@type":"ListItem","position":1,"name":"Po\u010detna stranica","item":"https:\/\/ahaceda.hr\/"},{"@type":"ListItem","position":2,"name":"Marin \u017divkovi\u0107"}]},{"@type":"WebSite","@id":"https:\/\/ahaceda.hr\/#website","url":"https:\/\/ahaceda.hr\/","name":"Ahaceda","description":"Muzi\u010dko obrazovanje iz druge dimenzije","publisher":{"@id":"https:\/\/ahaceda.hr\/#organization"},"potentialAction":[{"@type":"SearchAction","target":{"@type":"EntryPoint","urlTemplate":"https:\/\/ahaceda.hr\/?s={search_term_string}"},"query-input":{"@type":"PropertyValueSpecification","valueRequired":true,"valueName":"search_term_string"}}],"inLanguage":"hr"},{"@type":"Organization","@id":"https:\/\/ahaceda.hr\/#organization","name":"Ahaceda - moderna glazbena nastava","url":"https:\/\/ahaceda.hr\/","logo":{"@type":"ImageObject","inLanguage":"hr","@id":"https:\/\/ahaceda.hr\/#\/schema\/logo\/image\/","url":"http:\/\/ahaceda.hr\/wp-content\/uploads\/2020\/03\/logo-ahaceda.png","contentUrl":"http:\/\/ahaceda.hr\/wp-content\/uploads\/2020\/03\/logo-ahaceda.png","width":512,"height":512,"caption":"Ahaceda - moderna glazbena nastava"},"image":{"@id":"https:\/\/ahaceda.hr\/#\/schema\/logo\/image\/"}}]}},"uagb_featured_image_src":{"full":false,"thumbnail":false,"medium":false,"medium_large":false,"large":false,"1536x1536":false,"2048x2048":false,"post-thumbnail":false,"twentytwenty-fullscreen":false},"uagb_author_info":{"display_name":"Andelko","author_link":"https:\/\/ahaceda.hr\/index.php\/author\/andelko\/"},"uagb_comment_info":0,"uagb_excerpt":"O predava\u010du: Marin \u017divkovi\u0107 je saksofonist, kompozitor, predava\u010d s trenutnim prebivali\u0161tem i centralnim djelovanjem u Zagrebu. Prvo je zavr\u0161io pred\u0161kolski odgoj na U\u010diteljskom fakultetu u Zagrebu, potom odlazi u Belgiju gdje studira na Kraljevskom konzervatoriju u Antwerpenu u klasi Kurt van Hercka. Nakon dvije godine upisuje privatnu jazz akademiju u Antwerpenu gdje je diplomirao u&hellip;","_links":{"self":[{"href":"https:\/\/ahaceda.hr\/index.php\/wp-json\/wp\/v2\/pages\/39","targetHints":{"allow":["GET"]}}],"collection":[{"href":"https:\/\/ahaceda.hr\/index.php\/wp-json\/wp\/v2\/pages"}],"about":[{"href":"https:\/\/ahaceda.hr\/index.php\/wp-json\/wp\/v2\/types\/page"}],"author":[{"embeddable":true,"href":"https:\/\/ahaceda.hr\/index.php\/wp-json\/wp\/v2\/users\/1"}],"replies":[{"embeddable":true,"href":"https:\/\/ahaceda.hr\/index.php\/wp-json\/wp\/v2\/comments?post=39"}],"version-history":[{"count":7,"href":"https:\/\/ahaceda.hr\/index.php\/wp-json\/wp\/v2\/pages\/39\/revisions"}],"predecessor-version":[{"id":79,"href":"https:\/\/ahaceda.hr\/index.php\/wp-json\/wp\/v2\/pages\/39\/revisions\/79"}],"wp:attachment":[{"href":"https:\/\/ahaceda.hr\/index.php\/wp-json\/wp\/v2\/media?parent=39"}],"curies":[{"name":"wp","href":"https:\/\/api.w.org\/{rel}","templated":true}]}}